{"id":513471,"date":"2020-05-15T02:53:36","date_gmt":"2020-05-15T07:53:36","guid":{"rendered":"https:\/\/latinxtalktherapy.com\/service\/terapia-para-la-depresion\/"},"modified":"2026-08-27T15:34:42","modified_gmt":"2026-08-27T20:34:42","slug":"terapia-para-la-depresion","status":"publish","type":"service","link":"https:\/\/latinxtalktherapy.com\/es\/service\/terapia-para-la-depresion\/","title":{"rendered":"Terapia para la depresi\u00f3n"},"content":{"rendered":"\t\t<div data-elementor-type=\"wp-post\" data-elementor-id=\"513471\" class=\"elementor elementor-513471 elementor-424\" data-elementor-post-type=\"service\">\n\t\t\t\t<div class=\"elementor-element elementor-element-87c240f e-flex e-con-boxed e-con e-parent\" data-id=\"87c240f\" data-element_type=\"container\" data-e-type=\"container\" data-settings=\"{&quot;background_background&quot;:&quot;classic&quot;}\">\n\t\t\t\t\t<div class=\"e-con-inner\">\n\t\t<div class=\"elementor-element elementor-element-1665914 e-con-full e-flex e-con e-child\" data-id=\"1665914\" data-element_type=\"container\" data-e-type=\"container\">\n\t\t\t\t<div class=\"elementor-element elementor-element-6ede355 elementor-widget elementor-widget-heading\" data-id=\"6ede355\" data-element_type=\"widget\" data-e-type=\"widget\" data-widget_type=\"heading.default\">\n\t\t\t\t<div class=\"elementor-widget-container\">\n\t\t\t\t\t<h1 class=\"elementor-heading-title elementor-size-default\">Terapia para la Depresi\u00f3n para la Comunidad Latin<span style=\"color:#FCB03C\">x<\/span> en Illinois<\/h1>\t\t\t\t<\/div>\n\t\t\t\t<\/div>\n\t\t\t\t<div class=\"elementor-element elementor-element-fdd6e48 elementor-widget__width-initial elementor-widget elementor-widget-text-editor\" data-id=\"fdd6e48\" data-element_type=\"widget\" data-e-type=\"widget\" data-widget_type=\"text-editor.default\">\n\t\t\t\t<div class=\"elementor-widget-container\">\n\t\t\t\t\t\t\t\t\t<p>La depresi\u00f3n puede hacerte sentir abrumado, desconectado o que no eres t\u00fa mismo. Nuestra terapia culturalmente sensible te proporciona un espacio seguro para comprender tus emociones, desarrollar herramientas de afrontamiento saludables y avanzar hacia sentirte m\u00e1s como t\u00fa mismo de nuevo. <\/p>\t\t\t\t\t\t\t\t<\/div>\n\t\t\t\t<\/div>\n\t\t<div class=\"elementor-element elementor-element-f2c0022 e-con-full e-flex e-con e-child\" data-id=\"f2c0022\" data-element_type=\"container\" data-e-type=\"container\">\n\t\t\t\t<div class=\"elementor-element elementor-element-5fb469a elementor-align-justify elementor-mobile-align-justify elementor-widget-mobile__width-inherit main-cta elementor-widget elementor-widget-button\" data-id=\"5fb469a\" data-element_type=\"widget\" data-e-type=\"widget\" data-widget_type=\"button.default\">\n\t\t\t\t<div class=\"elementor-widget-container\">\n\t\t\t\t\t\t\t\t\t<div class=\"elementor-button-wrapper\">\n\t\t\t\t\t<a class=\"elementor-button elementor-button-link elementor-size-sm\" href=\"https:\/\/latinxtalktherapy.com\/es\/pagina-de-reservas\/\">\n\t\t\t\t\t\t<span class=\"elementor-button-content-wrapper\">\n\t\t\t\t\t\t\t\t\t<span class=\"elementor-button-text\">RESERVA AHORA<\/span>\n\t\t\t\t\t<\/span>\n\t\t\t\t\t<\/a>\n\t\t\t\t<\/div>\n\t\t\t\t\t\t\t\t<\/div>\n\t\t\t\t<\/div>\n\t\t\t\t<\/div>\n\t\t\t\t<\/div>\n\t\t\t\t\t<\/div>\n\t\t\t\t<\/div>\n\t\t\t\t<section class=\"elementor-section elementor-top-section elementor-element elementor-element-75bdd08 elementor-section-boxed elementor-section-height-default elementor-section-height-default\" data-id=\"75bdd08\" data-element_type=\"section\" data-e-type=\"section\">\n\t\t\t\t\t\t<div class=\"elementor-container elementor-column-gap-default\">\n\t\t\t\t\t<div class=\"elementor-column elementor-col-100 elementor-top-column elementor-element elementor-element-5b5c886\" data-id=\"5b5c886\" data-element_type=\"column\" data-e-type=\"column\">\n\t\t\t<div class=\"elementor-widget-wrap elementor-element-populated\">\n\t\t\t\t\t\t<div class=\"elementor-element elementor-element-ad22c30 elementor-widget elementor-widget-heading\" data-id=\"ad22c30\" data-element_type=\"widget\" data-e-type=\"widget\" data-widget_type=\"heading.default\">\n\t\t\t\t<div class=\"elementor-widget-container\">\n\t\t\t\t\t<h1 class=\"elementor-heading-title elementor-size-default\">Mereces M\u00e1s Que Simplemente Sobrevivir<\/h1>\t\t\t\t<\/div>\n\t\t\t\t<\/div>\n\t\t\t\t<div class=\"elementor-element elementor-element-98fcc4d elementor-widget elementor-widget-heading\" data-id=\"98fcc4d\" data-element_type=\"widget\" data-e-type=\"widget\" data-widget_type=\"heading.default\">\n\t\t\t\t<div class=\"elementor-widget-container\">\n\t\t\t\t\t<h2 class=\"elementor-heading-title elementor-size-default\">Terapia de Depresi\u00f3n en Chicago para Latinx<\/h2>\t\t\t\t<\/div>\n\t\t\t\t<\/div>\n\t\t\t\t\t<\/div>\n\t\t<\/div>\n\t\t\t\t\t<\/div>\n\t\t<\/section>\n\t\t\t\t<section class=\"elementor-section elementor-top-section elementor-element elementor-element-8b6484c elementor-section-boxed elementor-section-height-default elementor-section-height-default\" data-id=\"8b6484c\" data-element_type=\"section\" data-e-type=\"section\">\n\t\t\t\t\t\t<div class=\"elementor-container elementor-column-gap-default\">\n\t\t\t\t\t<div class=\"elementor-column elementor-col-100 elementor-top-column elementor-element elementor-element-7b4995b\" data-id=\"7b4995b\" data-element_type=\"column\" data-e-type=\"column\">\n\t\t\t<div class=\"elementor-widget-wrap elementor-element-populated\">\n\t\t\t\t\t\t<div class=\"elementor-element elementor-element-f361c8b elementor-widget elementor-widget-text-editor\" data-id=\"f361c8b\" data-element_type=\"widget\" data-e-type=\"widget\" data-widget_type=\"text-editor.default\">\n\t\t\t\t<div class=\"elementor-widget-container\">\n\t\t\t\t\t\t\t\t\t<p>Crecer en un hogar bicultural puede traer un conjunto \u00fanico de experiencias y, a veces, estr\u00e9s o confusi\u00f3n adicionales. En muchas familias Latinx, la salud mental conlleva estigma, especialmente en torno a la depresi\u00f3n. Si buscas apoyo, <strong><a href=\"https:\/\/latinxtalktherapy.com\/es\/\">Latinx Talk Therapy<\/a><\/strong> est\u00e1 aqu\u00ed para ayudarte. Entendemos los d\u00edas en que te sientes desmotivado, vac\u00edo o deca\u00eddo sin saber exactamente por qu\u00e9. Trabajaremos contigo para crear un plan individualizado que te ayude a sentirte m\u00e1s como t\u00fa mismo de nuevo.     <\/p>\t\t\t\t\t\t\t\t<\/div>\n\t\t\t\t<\/div>\n\t\t\t\t<div class=\"elementor-element elementor-element-7b38a57 elementor-widget elementor-widget-heading\" data-id=\"7b38a57\" data-element_type=\"widget\" data-e-type=\"widget\" data-widget_type=\"heading.default\">\n\t\t\t\t<div class=\"elementor-widget-container\">\n\t\t\t\t\t<h2 class=\"elementor-heading-title elementor-size-default\">\u00bfQu\u00e9 Es la Depresi\u00f3n?<\/h2>\t\t\t\t<\/div>\n\t\t\t\t<\/div>\n\t\t\t\t<div class=\"elementor-element elementor-element-8895b13 elementor-widget elementor-widget-text-editor\" data-id=\"8895b13\" data-element_type=\"widget\" data-e-type=\"widget\" data-widget_type=\"text-editor.default\">\n\t\t\t\t<div class=\"elementor-widget-container\">\n\t\t\t\t\t\t\t\t\t<p>Puede ser dif\u00edcil saber si lo que sientes es depresi\u00f3n, especialmente si nunca la has experimentado antes. La depresi\u00f3n es una condici\u00f3n que afecta c\u00f3mo te sientes, piensas y te comportas, a menudo trayendo consigo una profunda tristeza, desesperanza o una sensaci\u00f3n de no valer nada. Tambi\u00e9n puede interferir con responsabilidades diarias como el trabajo, la escuela o los pasatiempos. En Latinx Talk Therapy, tus emociones y luchas son escuchadas. A trav\u00e9s de la terapia, desarrollar\u00e1s herramientas reales para comprender y manejar c\u00f3mo la depresi\u00f3n afecta tu vida. Mereces sentirte esperanzado, digno de amor y valioso. Estamos aqu\u00ed para ayudarte.      <\/p>\t\t\t\t\t\t\t\t<\/div>\n\t\t\t\t<\/div>\n\t\t\t\t<div class=\"elementor-element elementor-element-14f5cfb elementor-widget elementor-widget-heading\" data-id=\"14f5cfb\" data-element_type=\"widget\" data-e-type=\"widget\" data-widget_type=\"heading.default\">\n\t\t\t\t<div class=\"elementor-widget-container\">\n\t\t\t\t\t<h2 class=\"elementor-heading-title elementor-size-default\">Reconocer las Se\u00f1ales de la Depresi\u00f3n<\/h2>\t\t\t\t<\/div>\n\t\t\t\t<\/div>\n\t\t\t\t<div class=\"elementor-element elementor-element-a4cd4e3 elementor-widget elementor-widget-toggle\" data-id=\"a4cd4e3\" data-element_type=\"widget\" data-e-type=\"widget\" data-widget_type=\"toggle.default\">\n\t\t\t\t<div class=\"elementor-widget-container\">\n\t\t\t\t\t\t\t<div class=\"elementor-toggle\">\n\t\t\t\t\t\t\t<div class=\"elementor-toggle-item\">\n\t\t\t\t\t<div id=\"elementor-tab-title-1721\" class=\"elementor-tab-title\" data-tab=\"1\" role=\"button\" aria-controls=\"elementor-tab-content-1721\" aria-expanded=\"false\">\n\t\t\t\t\t\t\t\t\t\t\t\t<span class=\"elementor-toggle-icon elementor-toggle-icon-left\" aria-hidden=\"true\">\n\t\t\t\t\t\t\t\t\t\t\t\t\t\t\t<span class=\"elementor-toggle-icon-closed\"><i class=\"fas fa-caret-right\"><\/i><\/span>\n\t\t\t\t\t\t\t\t<span class=\"elementor-toggle-icon-opened\"><i class=\"elementor-toggle-icon-opened fas fa-caret-up\"><\/i><\/span>\n\t\t\t\t\t\t\t\t\t\t\t\t\t<\/span>\n\t\t\t\t\t\t\t\t\t\t\t\t<a class=\"elementor-toggle-title\" tabindex=\"0\">La depresi\u00f3n puede manifestarse como algo m\u00e1s que tristeza; las se\u00f1ales comunes incluyen dormir demasiado o tener problemas para dormir, cambios en el apetito, fatiga, aislamiento y sentimientos de desesperanza o de no valer nada. Si esto te suena familiar, no significa que algo est\u00e9 mal contigo; significa que es momento de hablar con alguien que pueda ayudarte. <\/a>\n\t\t\t\t\t<\/div>\n\n\t\t\t\t\t<div id=\"elementor-tab-content-1721\" class=\"elementor-tab-content elementor-clearfix\" data-tab=\"1\" role=\"region\" aria-labelledby=\"elementor-tab-title-1721\"><ul>\n<li style=\"font-weight: 400\"><span style=\"font-weight: 400\">Dormir en exceso<\/span><\/li>\n<li style=\"font-weight: 400\"><span style=\"font-weight: 400\">Incapacidad para dormir<\/span><\/li>\n<li style=\"font-weight: 400\"><span style=\"font-weight: 400\">Cambio en el apetito<\/span><\/li>\n<li style=\"font-weight: 400\"><span style=\"font-weight: 400\">Letargo<\/span><\/li>\n<li style=\"font-weight: 400\"><span style=\"font-weight: 400\">Fatiga<\/span><\/li>\n<li style=\"font-weight: 400\"><span style=\"font-weight: 400\">Aislamiento o soledad<\/span><\/li>\n<li style=\"font-weight: 400\"><span style=\"font-weight: 400\">Estado de \u00e1nimo triste o bajo<\/span><\/li>\n<li style=\"font-weight: 400\"><span style=\"font-weight: 400\">Sentimientos de indignidad, desesperanza o desconexi\u00f3n <\/span><\/li>\n<\/ul>\n<p>El trauma tambi\u00e9n podr\u00eda desencadenar la depresi\u00f3n, ya que sus sentimientos personales sobre el mundo y cu\u00e1n seguro y c\u00f3modo se siente en su entorno pueden internalizarse y afectar su estado de \u00e1nimo diario. <\/p>\n<\/div>\n\t\t\t\t<\/div>\n\t\t\t\t\t\t\t\t<\/div>\n\t\t\t\t\t\t<\/div>\n\t\t\t\t<\/div>\n\t\t\t\t<div class=\"elementor-element elementor-element-8e1a4b5 elementor-widget elementor-widget-heading\" data-id=\"8e1a4b5\" data-element_type=\"widget\" data-e-type=\"widget\" data-widget_type=\"heading.default\">\n\t\t\t\t<div class=\"elementor-widget-container\">\n\t\t\t\t\t<h2 class=\"elementor-heading-title elementor-size-default\">C\u00f3mo Te Ayudamos a Superar la Depresi\u00f3n<\/h2>\t\t\t\t<\/div>\n\t\t\t\t<\/div>\n\t\t\t\t<div class=\"elementor-element elementor-element-a3e41af elementor-widget elementor-widget-text-editor\" data-id=\"a3e41af\" data-element_type=\"widget\" data-e-type=\"widget\" data-widget_type=\"text-editor.default\">\n\t\t\t\t<div class=\"elementor-widget-container\">\n\t\t\t\t\t\t\t\t\t<p dir=\"ltr\">Usando la terapia cognitivo-conductual (TCC), te ayudamos a identificar y replantear los patrones de pensamiento que alimentan la depresi\u00f3n. En lugar de solo hablar de lo que est\u00e1 mal, trabajamos contigo para desafiar el di\u00e1logo interno negativo, reconectar con lo que alguna vez te dio sentido y desarrollar resiliencia para los d\u00edas dif\u00edciles. Como terapeuta de depresi\u00f3n en Chicago que atiende a clientes en todo Illinois, ofrecemos horarios flexibles, incluidas citas por la tarde y los fines de semana, para que el apoyo se ajuste a tu vida, no al rev\u00e9s.  <\/p>\t\t\t\t\t\t\t\t<\/div>\n\t\t\t\t<\/div>\n\t\t\t\t<div class=\"elementor-element elementor-element-3c933ce elementor-widget elementor-widget-heading\" data-id=\"3c933ce\" data-element_type=\"widget\" data-e-type=\"widget\" data-widget_type=\"heading.default\">\n\t\t\t\t<div class=\"elementor-widget-container\">\n\t\t\t\t\t<h2 class=\"elementor-heading-title elementor-size-default\">Qu\u00e9 Esperar de Tu Primera Sesi\u00f3n<\/h2>\t\t\t\t<\/div>\n\t\t\t\t<\/div>\n\t\t\t\t<div class=\"elementor-element elementor-element-fb4445a elementor-widget elementor-widget-text-editor\" data-id=\"fb4445a\" data-element_type=\"widget\" data-e-type=\"widget\" data-widget_type=\"text-editor.default\">\n\t\t\t\t<div class=\"elementor-widget-container\">\n\t\t\t\t\t\t\t\t\t<p>Si eres el primero en tu familia en probar la terapia, no hay necesidad de preocuparse. Escuchamos sin juzgar, y tus sesiones son confidenciales, con las excepciones legales est\u00e1ndar requeridas para todos los terapeutas licenciados. A partir de ah\u00ed, creamos un plan individualizado centrado en c\u00f3mo te comunicas, c\u00f3mo te entiendes a ti mismo y c\u00f3mo se ve realmente el progreso para ti.  <\/p>\t\t\t\t\t\t\t\t<\/div>\n\t\t\t\t<\/div>\n\t\t\t\t<div class=\"elementor-element elementor-element-4afd1b7 elementor-widget elementor-widget-heading\" data-id=\"4afd1b7\" data-element_type=\"widget\" data-e-type=\"widget\" data-widget_type=\"heading.default\">\n\t\t\t\t<div class=\"elementor-widget-container\">\n\t\t\t\t\t<h2 class=\"elementor-heading-title elementor-size-default\">Apoyo de Terapeutas Que Lo Entienden<\/h2>\t\t\t\t<\/div>\n\t\t\t\t<\/div>\n\t\t\t\t<div class=\"elementor-element elementor-element-380706f elementor-widget elementor-widget-text-editor\" data-id=\"380706f\" data-element_type=\"widget\" data-e-type=\"widget\" data-widget_type=\"text-editor.default\">\n\t\t\t\t<div class=\"elementor-widget-container\">\n\t\t\t\t\t\t\t\t\t<p>Nuestros cl\u00ednicos biling\u00fces con sede en Chicago trabajan con la comunidad Latinx todos los d\u00edas, y muchos clientes nos dicen que la terapia finalmente se siente como un espacio donde no tienen que explicar primero su origen. <strong><a href=\"https:\/\/latinxtalktherapy.com\/es\/pagina-del-terapeuta\/\">Conoce a nuestros terapeutas.<\/a> <\/strong><\/p>\t\t\t\t\t\t\t\t<\/div>\n\t\t\t\t<\/div>\n\t\t\t\t\t<\/div>\n\t\t<\/div>\n\t\t\t\t\t<\/div>\n\t\t<\/section>\n\t\t\t\t<section class=\"elementor-section elementor-top-section elementor-element elementor-element-38a0415 elementor-section-boxed elementor-section-height-default elementor-section-height-default\" data-id=\"38a0415\" data-element_type=\"section\" data-e-type=\"section\" data-settings=\"{&quot;background_background&quot;:&quot;classic&quot;}\">\n\t\t\t\t\t\t<div class=\"elementor-container elementor-column-gap-default\">\n\t\t\t\t\t<div class=\"elementor-column elementor-col-100 elementor-top-column elementor-element elementor-element-d643435\" data-id=\"d643435\" data-element_type=\"column\" data-e-type=\"column\">\n\t\t\t<div class=\"elementor-widget-wrap elementor-element-populated\">\n\t\t\t\t\t\t<div class=\"elementor-element elementor-element-fe92823 elementor-widget elementor-widget-image\" data-id=\"fe92823\" data-element_type=\"widget\" data-e-type=\"widget\" data-widget_type=\"image.default\">\n\t\t\t\t<div class=\"elementor-widget-container\">\n\t\t\t\t\t\t\t\t\t\t\t\t\t\t\t<img fetchpriority=\"high\" decoding=\"async\" width=\"485\" height=\"1024\" src=\"https:\/\/latinxtalktherapy.com\/wp-content\/uploads\/ChatGPT-Image-Aug-27-2026-03_30_28-PM-485x1024.png\" class=\"attachment-large size-large wp-image-1521359\" alt=\"latino-mental-health-treatment-gap-2024\" srcset=\"https:\/\/latinxtalktherapy.com\/wp-content\/uploads\/ChatGPT-Image-Aug-27-2026-03_30_28-PM-485x1024.png 485w, https:\/\/latinxtalktherapy.com\/wp-content\/uploads\/ChatGPT-Image-Aug-27-2026-03_30_28-PM-142x300.png 142w, https:\/\/latinxtalktherapy.com\/wp-content\/uploads\/ChatGPT-Image-Aug-27-2026-03_30_28-PM-768x1622.png 768w, https:\/\/latinxtalktherapy.com\/wp-content\/uploads\/ChatGPT-Image-Aug-27-2026-03_30_28-PM-727x1536.png 727w, https:\/\/latinxtalktherapy.com\/wp-content\/uploads\/ChatGPT-Image-Aug-27-2026-03_30_28-PM.png 863w\" sizes=\"(max-width: 485px) 100vw, 485px\" \/>\t\t\t\t\t\t\t\t\t\t\t\t\t\t\t<\/div>\n\t\t\t\t<\/div>\n\t\t\t\t<div class=\"elementor-element elementor-element-14e14be elementor-widget elementor-widget-heading\" data-id=\"14e14be\" data-element_type=\"widget\" data-e-type=\"widget\" data-widget_type=\"heading.default\">\n\t\t\t\t<div class=\"elementor-widget-container\">\n\t\t\t\t\t<h2 class=\"elementor-heading-title elementor-size-default\">Supere su Depresi\u00f3n con Latinx Talk Therapy<\/h2>\t\t\t\t<\/div>\n\t\t\t\t<\/div>\n\t\t\t\t<div class=\"elementor-element elementor-element-87d1008 elementor-widget elementor-widget-text-editor\" data-id=\"87d1008\" data-element_type=\"widget\" data-e-type=\"widget\" data-widget_type=\"text-editor.default\">\n\t\t\t\t<div class=\"elementor-widget-container\">\n\t\t\t\t\t\t\t\t\t<p>Puede alcanzar el bienestar mental y emocional con Latinx Talk Therapy. Nuestros terapeutas de conversaci\u00f3n est\u00e1n capacitados para ayudar con todos los niveles de tensiones emocionales y mentales. Si el espa\u00f1ol es su idioma preferido, nuestros terapeutas biling\u00fces podr\u00e1n ayudarle. Adem\u00e1s, nos ponemos a su disposici\u00f3n en el momento que mejor le convenga. <span style=\"color: #ffffff\"><strong><a style=\"color: #ffffff\" href=\"https:\/\/latinxtalktherapy.com\/es\/ponte-en-contacto-con\/\">Cont\u00e1ctenos<\/a><\/strong><\/span> hoy para comenzar un plan de atenci\u00f3n individualizado.   <\/p>\t\t\t\t\t\t\t\t<\/div>\n\t\t\t\t<\/div>\n\t\t\t\t\t<\/div>\n\t\t<\/div>\n\t\t\t\t\t<\/div>\n\t\t<\/section>\n\t\t\t\t<\/div>\n\t\t","protected":false},"featured_media":0,"template":"elementor_header_footer","class_list":["post-513471","service","type-service","status-publish","hentry"],"_links":{"self":[{"href":"https:\/\/latinxtalktherapy.com\/es\/wp-json\/wp\/v2\/service\/513471","targetHints":{"allow":["GET"]}}],"collection":[{"href":"https:\/\/latinxtalktherapy.com\/es\/wp-json\/wp\/v2\/service"}],"about":[{"href":"https:\/\/latinxtalktherapy.com\/es\/wp-json\/wp\/v2\/types\/service"}],"version-history":[{"count":4,"href":"https:\/\/latinxtalktherapy.com\/es\/wp-json\/wp\/v2\/service\/513471\/revisions"}],"predecessor-version":[{"id":1521363,"href":"https:\/\/latinxtalktherapy.com\/es\/wp-json\/wp\/v2\/service\/513471\/revisions\/1521363"}],"wp:attachment":[{"href":"https:\/\/latinxtalktherapy.com\/es\/wp-json\/wp\/v2\/media?parent=513471"}],"curies":[{"name":"wp","href":"https:\/\/api.w.org\/{rel}","templated":true}]}}