{"id":14059,"date":"2024-09-11T14:10:33","date_gmt":"2024-09-11T19:10:33","guid":{"rendered":"https:\/\/latinxtalktherapy.com\/anairis-boror-lsw\/"},"modified":"2026-03-27T13:15:58","modified_gmt":"2026-03-27T18:15:58","slug":"anairis-boror-lsw","status":"publish","type":"page","link":"https:\/\/latinxtalktherapy.com\/es\/anairis-boror-lsw\/","title":{"rendered":"Anairis Boror, LSW"},"content":{"rendered":"\t\t<div data-elementor-type=\"wp-page\" data-elementor-id=\"14059\" class=\"elementor elementor-14059\" data-elementor-post-type=\"page\">\n\t\t\t\t\t\t<section class=\"elementor-section elementor-top-section elementor-element elementor-element-b0defaf elementor-section-stretched elementor-section-full_width elementor-section-height-default elementor-section-height-default\" data-id=\"b0defaf\" data-element_type=\"section\" data-e-type=\"section\" data-settings=\"{&quot;stretch_section&quot;:&quot;section-stretched&quot;,&quot;background_background&quot;:&quot;classic&quot;}\">\n\t\t\t\t\t\t<div class=\"elementor-container elementor-column-gap-no\">\n\t\t\t\t\t<div class=\"elementor-column elementor-col-100 elementor-top-column elementor-element elementor-element-5d175c7\" data-id=\"5d175c7\" data-element_type=\"column\" data-e-type=\"column\" data-settings=\"{&quot;background_background&quot;:&quot;classic&quot;}\">\n\t\t\t<div class=\"elementor-widget-wrap\">\n\t\t\t\t\t\t\t<\/div>\n\t\t<\/div>\n\t\t\t\t\t<\/div>\n\t\t<\/section>\n\t\t\t\t<section class=\"elementor-section elementor-top-section elementor-element elementor-element-58ee682 elementor-section-boxed elementor-section-height-default elementor-section-height-default\" data-id=\"58ee682\" data-element_type=\"section\" data-e-type=\"section\">\n\t\t\t\t\t\t<div class=\"elementor-container elementor-column-gap-default\">\n\t\t\t\t\t<div class=\"elementor-column elementor-col-100 elementor-top-column elementor-element elementor-element-23508ed\" data-id=\"23508ed\" data-element_type=\"column\" data-e-type=\"column\">\n\t\t\t<div class=\"elementor-widget-wrap elementor-element-populated\">\n\t\t\t\t\t\t<div class=\"elementor-element elementor-element-41ba507 elementor-widget elementor-widget-heading\" data-id=\"41ba507\" data-element_type=\"widget\" data-e-type=\"widget\" data-widget_type=\"heading.default\">\n\t\t\t\t<div class=\"elementor-widget-container\">\n\t\t\t\t\t<h1 class=\"elementor-heading-title elementor-size-default\">Apoyo a la Comunidad Latinx a trav\u00e9s de Atenci\u00f3n de Salud Mental Culturalmente Informada<\/h1>\t\t\t\t<\/div>\n\t\t\t\t<\/div>\n\t\t\t\t<div class=\"elementor-element elementor-element-57bf3a6 elementor-widget elementor-widget-heading\" data-id=\"57bf3a6\" data-element_type=\"widget\" data-e-type=\"widget\" data-widget_type=\"heading.default\">\n\t\t\t\t<div class=\"elementor-widget-container\">\n\t\t\t\t\t<h2 class=\"elementor-heading-title elementor-size-default\">Inf\u00f3rmate sobre m\u00ed y c\u00f3mo puedo ayudarte<\/h2>\t\t\t\t<\/div>\n\t\t\t\t<\/div>\n\t\t\t\t\t<\/div>\n\t\t<\/div>\n\t\t\t\t\t<\/div>\n\t\t<\/section>\n\t\t\t\t<section class=\"elementor-section elementor-top-section elementor-element elementor-element-0486c0d elementor-section-boxed elementor-section-height-default elementor-section-height-default\" data-id=\"0486c0d\" data-element_type=\"section\" data-e-type=\"section\" data-settings=\"{&quot;background_background&quot;:&quot;classic&quot;}\">\n\t\t\t\t\t\t<div class=\"elementor-container elementor-column-gap-default\">\n\t\t\t\t\t<div class=\"elementor-column elementor-col-100 elementor-top-column elementor-element elementor-element-3e196d66\" data-id=\"3e196d66\" data-element_type=\"column\" data-e-type=\"column\" data-settings=\"{&quot;background_background&quot;:&quot;classic&quot;}\">\n\t\t\t<div class=\"elementor-widget-wrap elementor-element-populated\">\n\t\t\t\t\t\t<div class=\"elementor-element elementor-element-55dd97d7 elementor-widget elementor-widget-image\" data-id=\"55dd97d7\" data-element_type=\"widget\" data-e-type=\"widget\" data-widget_type=\"image.default\">\n\t\t\t\t<div class=\"elementor-widget-container\">\n\t\t\t\t\t\t\t\t\t\t\t\t\t\t\t<img fetchpriority=\"high\" decoding=\"async\" width=\"800\" height=\"800\" src=\"https:\/\/latinxtalktherapy.com\/wp-content\/uploads\/anairis.png\" class=\"attachment-full size-full wp-image-13861\" alt=\"\" srcset=\"https:\/\/latinxtalktherapy.com\/wp-content\/uploads\/anairis.png 800w, https:\/\/latinxtalktherapy.com\/wp-content\/uploads\/anairis-300x300.png 300w, https:\/\/latinxtalktherapy.com\/wp-content\/uploads\/anairis-150x150.png 150w, https:\/\/latinxtalktherapy.com\/wp-content\/uploads\/anairis-768x768.png 768w, https:\/\/latinxtalktherapy.com\/wp-content\/uploads\/anairis-12x12.png 12w\" sizes=\"(max-width: 800px) 100vw, 800px\" \/>\t\t\t\t\t\t\t\t\t\t\t\t\t\t\t<\/div>\n\t\t\t\t<\/div>\n\t\t\t\t<div class=\"elementor-element elementor-element-256cd4a8 elementor-widget elementor-widget-heading\" data-id=\"256cd4a8\" data-element_type=\"widget\" data-e-type=\"widget\" data-widget_type=\"heading.default\">\n\t\t\t\t<div class=\"elementor-widget-container\">\n\t\t\t\t\t<h2 class=\"elementor-heading-title elementor-size-default\">Anairis Boror, LSW<\/h2>\t\t\t\t<\/div>\n\t\t\t\t<\/div>\n\t\t\t\t<div class=\"elementor-element elementor-element-7fcfc74 elementor-widget elementor-widget-heading\" data-id=\"7fcfc74\" data-element_type=\"widget\" data-e-type=\"widget\" data-widget_type=\"heading.default\">\n\t\t\t\t<div class=\"elementor-widget-container\">\n\t\t\t\t\t<h2 class=\"elementor-heading-title elementor-size-default\">Psicoterapeuta biling\u00fce<\/h2>\t\t\t\t<\/div>\n\t\t\t\t<\/div>\n\t\t\t\t<div class=\"elementor-element elementor-element-1d0b51ee elementor-widget elementor-widget-text-editor\" data-id=\"1d0b51ee\" data-element_type=\"widget\" data-e-type=\"widget\" data-widget_type=\"text-editor.default\">\n\t\t\t\t<div class=\"elementor-widget-container\">\n\t\t\t\t\t\t\t\t\t<p class=\"p1\">Saludos, mi nombre es Anairis Boror, y soy Psicoterapeuta Biling\u00fce en Latinx Talk Therapy. Celebro sus identidades y le doy la bienvenida para que sea usted mismo en su totalidad durante la terapia. Aspiro a guiarle en su viaje de sanaci\u00f3n a trav\u00e9s de la narrativa, pr\u00e1cticas som\u00e1ticas y la liberaci\u00f3n.  <\/p><p class=\"p2\">Mi enfoque est\u00e1 profundamente arraigado en una pr\u00e1ctica de justicia social para garantizar que usted disponga de un espacio terap\u00e9utico seguro, libre de juicios y acogedor. Como oyente comprometida, mi aproximaci\u00f3n terap\u00e9utica es colaborativa y flexible, pues creo firmemente que usted es el experto en su propio proceso de sanaci\u00f3n. Juntos, podemos explorar formas de reintroducir la alegr\u00eda, el crecimiento y la bondad en su vida.  <\/p>\t\t\t\t\t\t\t\t<\/div>\n\t\t\t\t<\/div>\n\t\t\t\t<div class=\"elementor-element elementor-element-6ee06b7 elementor-widget elementor-widget-heading\" data-id=\"6ee06b7\" data-element_type=\"widget\" data-e-type=\"widget\" data-widget_type=\"heading.default\">\n\t\t\t\t<div class=\"elementor-widget-container\">\n\t\t\t\t\t<h2 class=\"elementor-heading-title elementor-size-default\">No tienes que afrontar tus luchas solo, estoy aqu\u00ed para ayudarte<\/h2>\t\t\t\t<\/div>\n\t\t\t\t<\/div>\n\t\t\t\t<div class=\"elementor-element elementor-element-1c02eae5 elementor-widget elementor-widget-text-editor\" data-id=\"1c02eae5\" data-element_type=\"widget\" data-e-type=\"widget\" data-widget_type=\"text-editor.default\">\n\t\t\t\t<div class=\"elementor-widget-container\">\n\t\t\t\t\t\t\t\t\t<p class=\"p1\">&#8216;Pero qu\u00e9 va a decir la gente&#8217;. Es dif\u00edcil solicitar apoyo, especialmente en la comunidad Latinx. Nos enfrentamos diariamente a desaf\u00edos emocionales, cognitivos y f\u00edsicos. Podemos temer compartir nuestros pensamientos o sentimientos m\u00e1s \u00edntimos. Mi objetivo es acompa\u00f1arle en el camino que usted elija para s\u00ed mismo. Abrazar sus fortalezas puede parecer abrumador, pero juntos podemos desarrollar comportamientos sostenibles, conciencia y confianza.     <\/p>\t\t\t\t\t\t\t\t<\/div>\n\t\t\t\t<\/div>\n\t\t\t\t\t<\/div>\n\t\t<\/div>\n\t\t\t\t\t<\/div>\n\t\t<\/section>\n\t\t\t\t<section class=\"elementor-section elementor-top-section elementor-element elementor-element-098997b elementor-section-boxed elementor-section-height-default elementor-section-height-default\" data-id=\"098997b\" data-element_type=\"section\" data-e-type=\"section\">\n\t\t\t\t\t\t<div class=\"elementor-container elementor-column-gap-default\">\n\t\t\t\t\t<div class=\"elementor-column elementor-col-100 elementor-top-column elementor-element elementor-element-3e2f428\" data-id=\"3e2f428\" data-element_type=\"column\" data-e-type=\"column\">\n\t\t\t<div class=\"elementor-widget-wrap elementor-element-populated\">\n\t\t\t\t\t\t<div class=\"elementor-element elementor-element-9709189 elementor-align-center elementor-mobile-align-start animated-slow elementor-icon-list--layout-traditional elementor-list-item-link-full_width elementor-invisible elementor-widget elementor-widget-icon-list\" data-id=\"9709189\" data-element_type=\"widget\" data-e-type=\"widget\" data-settings=\"{&quot;_animation&quot;:&quot;fadeInLeft&quot;}\" data-widget_type=\"icon-list.default\">\n\t\t\t\t<div class=\"elementor-widget-container\">\n\t\t\t\t\t\t\t<ul class=\"elementor-icon-list-items\">\n\t\t\t\t\t\t\t<li class=\"elementor-icon-list-item\">\n\t\t\t\t\t\t\t\t\t\t\t<span class=\"elementor-icon-list-icon\">\n\t\t\t\t\t\t\t<i aria-hidden=\"true\" class=\"fas fa-check\"><\/i>\t\t\t\t\t\t<\/span>\n\t\t\t\t\t\t\t\t\t\t<span class=\"elementor-icon-list-text\">Me re\u00fano con los clientes <span style=\"color: #9b7c8c\"><strong>en persona<\/strong><\/span> y <span style=\"color: #9b7c8c\"><strong>virtualmente<\/strong><\/span>.<\/span>\n\t\t\t\t\t\t\t\t\t<\/li>\n\t\t\t\t\t\t<\/ul>\n\t\t\t\t\t\t<\/div>\n\t\t\t\t<\/div>\n\t\t\t\t<div class=\"elementor-element elementor-element-513c701 elementor-widget elementor-widget-heading\" data-id=\"513c701\" data-element_type=\"widget\" data-e-type=\"widget\" data-widget_type=\"heading.default\">\n\t\t\t\t<div class=\"elementor-widget-container\">\n\t\t\t\t\t<h2 class=\"elementor-heading-title elementor-size-default\">Conoce un poco m\u00e1s sobre m\u00ed<\/h2>\t\t\t\t<\/div>\n\t\t\t\t<\/div>\n\t\t\t\t<div class=\"elementor-element elementor-element-c14a92b elementor-widget elementor-widget-text-editor\" data-id=\"c14a92b\" data-element_type=\"widget\" data-e-type=\"widget\" data-widget_type=\"text-editor.default\">\n\t\t\t\t<div class=\"elementor-widget-container\">\n\t\t\t\t\t\t\t\t\t<p class=\"p1\">Nac\u00ed en Los \u00c1ngeles, California, y crec\u00ed en el lado oeste de Chicago, Illinois. Mis pronombres son ella\/elle. Valoro profundamente mis ra\u00edces guatemaltecas, ya que han influido significativamente en mi crianza. Mi familia, que emigr\u00f3 a los Estados Unidos en la d\u00e9cada de 1990, contin\u00faa practicando diversas tradiciones, incluyendo la narraci\u00f3n de historias, como medio para sanar de los desaf\u00edos del pasado.   <\/p><p class=\"p2\">Inici\u00e9 mi carrera en la Universidad de Denison, donde obtuve un t\u00edtulo en Estudios de la Mujer y G\u00e9nero como estudiante universitaria de primera generaci\u00f3n. Posteriormente, obtuve mi maestr\u00eda en la Escuela de Trabajo Social de Smith College, especializ\u00e1ndome en la prestaci\u00f3n de servicios de salud mental a individuos con identidades marginadas. <\/p>\t\t\t\t\t\t\t\t<\/div>\n\t\t\t\t<\/div>\n\t\t\t\t<div class=\"elementor-element elementor-element-e602d1f elementor-widget elementor-widget-heading\" data-id=\"e602d1f\" data-element_type=\"widget\" data-e-type=\"widget\" data-widget_type=\"heading.default\">\n\t\t\t\t<div class=\"elementor-widget-container\">\n\t\t\t\t\t<h2 class=\"elementor-heading-title elementor-size-default\">Mis especialidades  <\/h2>\t\t\t\t<\/div>\n\t\t\t\t<\/div>\n\t\t\t\t<div class=\"elementor-element elementor-element-5c57a66 elementor-widget elementor-widget-text-editor\" data-id=\"5c57a66\" data-element_type=\"widget\" data-e-type=\"widget\" data-widget_type=\"text-editor.default\">\n\t\t\t\t<div class=\"elementor-widget-container\">\n\t\t\t\t\t\t\t\t\t<p class=\"p1\">Mi prop\u00f3sito es nutrir un espacio de sanaci\u00f3n para personas Q+ negras, ind\u00edgenas y de color a trav\u00e9s del amor, el cuidado y el respeto. Mis enfoques terap\u00e9uticos incluyen, pero no se limitan a, modalidades psicodin\u00e1micas, terapia narrativa, terapia cognitivo-conductual (TCC), mindfulness, marcos interseccionales y de liberaci\u00f3n. He trabajado con adolescentes y adultos que han experimentado depresi\u00f3n, ansiedad, duelo, p\u00e9rdida, trauma infantil y trauma racial. Estoy aqu\u00ed para guiarle en la navegaci\u00f3n de estos desaf\u00edos, fomentando la sanaci\u00f3n, la liberaci\u00f3n y el cultivo del amor propio.   <\/p>\t\t\t\t\t\t\t\t<\/div>\n\t\t\t\t<\/div>\n\t\t\t\t\t<\/div>\n\t\t<\/div>\n\t\t\t\t\t<\/div>\n\t\t<\/section>\n\t\t\t\t<\/div>\n\t\t","protected":false},"excerpt":{"rendered":"<p>Apoyo a la Comunidad Latinx a trav\u00e9s de Atenci\u00f3n de Salud Mental Culturalmente Informada Inf\u00f3rmate sobre m\u00ed y c\u00f3mo puedo ayudarte Anairis Boror, LSW Psicoterapeuta biling\u00fce Saludos, mi nombre es Anairis Boror, y soy Psicoterapeuta Biling\u00fce en Latinx Talk Therapy. Celebro sus identidades y le doy la bienvenida para que sea usted mismo en su [&hellip;]<\/p>\n","protected":false},"author":3,"featured_media":0,"parent":0,"menu_order":0,"comment_status":"closed","ping_status":"closed","template":"","meta":{"footnotes":""},"class_list":["post-14059","page","type-page","status-publish","hentry"],"_links":{"self":[{"href":"https:\/\/latinxtalktherapy.com\/es\/wp-json\/wp\/v2\/pages\/14059","targetHints":{"allow":["GET"]}}],"collection":[{"href":"https:\/\/latinxtalktherapy.com\/es\/wp-json\/wp\/v2\/pages"}],"about":[{"href":"https:\/\/latinxtalktherapy.com\/es\/wp-json\/wp\/v2\/types\/page"}],"author":[{"embeddable":true,"href":"https:\/\/latinxtalktherapy.com\/es\/wp-json\/wp\/v2\/users\/3"}],"replies":[{"embeddable":true,"href":"https:\/\/latinxtalktherapy.com\/es\/wp-json\/wp\/v2\/comments?post=14059"}],"version-history":[{"count":2,"href":"https:\/\/latinxtalktherapy.com\/es\/wp-json\/wp\/v2\/pages\/14059\/revisions"}],"predecessor-version":[{"id":515973,"href":"https:\/\/latinxtalktherapy.com\/es\/wp-json\/wp\/v2\/pages\/14059\/revisions\/515973"}],"wp:attachment":[{"href":"https:\/\/latinxtalktherapy.com\/es\/wp-json\/wp\/v2\/media?parent=14059"}],"curies":[{"name":"wp","href":"https:\/\/api.w.org\/{rel}","templated":true}]}}